{"id":1327,"date":"2020-04-27T16:46:00","date_gmt":"2020-04-27T14:46:00","guid":{"rendered":"https:\/\/warex.cz\/?post_type=reference&#038;p=1327"},"modified":"2021-11-19T09:48:21","modified_gmt":"2021-11-19T08:48:21","slug":"modulgebaude-sozialer-wohnungsbau-in-schweden","status":"publish","type":"reference","link":"https:\/\/warex.cz\/de\/referenz\/modulgebaude-sozialer-wohnungsbau-in-schweden\/","title":{"rendered":"Modulgeb\u00e4ude &#8211; Sozialer Wohnungsbau"},"content":{"rendered":"\n<p>Sozialer Wohnungsbau f\u00fcr Schweden. Modularer Aufbau aus zwei modularen Containern. M\u00f6glichkeit in Jesen\u00edk zu sehen.<\/p>\n\n\n\n<figure class=\"wp-block-gallery columns-3 is-cropped wp-block-gallery-1 is-layout-flex wp-block-gallery-is-layout-flex\"><ul class=\"blocks-gallery-grid\"><li class=\"blocks-gallery-item\"><figure><img loading=\"lazy\" decoding=\"async\" width=\"960\" height=\"720\" src=\"https:\/\/warex.cz\/app\/uploads\/2020\/05\/Unimobunka2-1.jpg\" alt=\"\" data-id=\"2894\" data-full-url=\"https:\/\/warex.cz\/app\/uploads\/2020\/05\/Unimobunka2-1.jpg\" data-link=\"https:\/\/warex.cz\/de\/referenz\/modulgebaude\/modulgebaude-sozialer-wohnungsbau-in-schweden\/attachment\/unimobunka2-1\/\" class=\"wp-image-2894\" srcset=\"https:\/\/warex.cz\/app\/uploads\/2020\/05\/Unimobunka2-1.jpg 960w, https:\/\/warex.cz\/app\/uploads\/2020\/05\/Unimobunka2-1-300x225.jpg 300w, https:\/\/warex.cz\/app\/uploads\/2020\/05\/Unimobunka2-1-768x576.jpg 768w\" sizes=\"auto, (max-width: 960px) 100vw, 960px\" \/><\/figure><\/li><li class=\"blocks-gallery-item\"><figure><img loading=\"lazy\" decoding=\"async\" width=\"720\" height=\"960\" src=\"https:\/\/warex.cz\/app\/uploads\/2020\/02\/cembritov\u00e1-fas\u00e1da-verzus-priznan\u00fd-modul-Malmo-Svedsko.jpg\" alt=\"Warex - Modulov\u00e9 stavby\" data-id=\"312\" data-link=\"https:\/\/warex.cz\/de\/referenz\/modulgebaude\/modulgebaude-sozialer-wohnungsbau-in-schweden\/attachment\/cembritova-fasada-verzus-priznany-modul-malmo-svedsko-2\/\" class=\"wp-image-312\" srcset=\"https:\/\/warex.cz\/app\/uploads\/2020\/02\/cembritov\u00e1-fas\u00e1da-verzus-priznan\u00fd-modul-Malmo-Svedsko.jpg 720w, https:\/\/warex.cz\/app\/uploads\/2020\/02\/cembritov\u00e1-fas\u00e1da-verzus-priznan\u00fd-modul-Malmo-Svedsko-225x300.jpg 225w\" sizes=\"auto, (max-width: 720px) 100vw, 720px\" \/><\/figure><\/li><li class=\"blocks-gallery-item\"><figure><img loading=\"lazy\" decoding=\"async\" width=\"720\" height=\"960\" src=\"https:\/\/warex.cz\/app\/uploads\/2020\/02\/prechod-DUO-Malmo.jpg\" alt=\"Warex - Modulov\u00e9 stavby\" data-id=\"306\" data-link=\"https:\/\/warex.cz\/de\/referenz\/modulgebaude\/modulgebaude-sozialer-wohnungsbau-in-schweden\/attachment\/prechod-duo-malmo-2\/\" class=\"wp-image-306\" srcset=\"https:\/\/warex.cz\/app\/uploads\/2020\/02\/prechod-DUO-Malmo.jpg 720w, https:\/\/warex.cz\/app\/uploads\/2020\/02\/prechod-DUO-Malmo-225x300.jpg 225w\" sizes=\"auto, (max-width: 720px) 100vw, 720px\" \/><\/figure><\/li><li class=\"blocks-gallery-item\"><figure><img loading=\"lazy\" decoding=\"async\" width=\"720\" height=\"960\" src=\"https:\/\/warex.cz\/app\/uploads\/2020\/02\/20180411_151957_resized_2.jpg\" alt=\"Warex - Modulov\u00e9 stavby\" data-id=\"300\" data-link=\"https:\/\/warex.cz\/de\/referenz\/modulgebaude\/modulgebaude-sozialer-wohnungsbau-in-schweden\/attachment\/20180411_151957_resized_2-2\/\" class=\"wp-image-300\" srcset=\"https:\/\/warex.cz\/app\/uploads\/2020\/02\/20180411_151957_resized_2.jpg 720w, https:\/\/warex.cz\/app\/uploads\/2020\/02\/20180411_151957_resized_2-225x300.jpg 225w\" sizes=\"auto, (max-width: 720px) 100vw, 720px\" \/><\/figure><\/li><li class=\"blocks-gallery-item\"><figure><img loading=\"lazy\" decoding=\"async\" width=\"960\" height=\"720\" src=\"https:\/\/warex.cz\/app\/uploads\/2020\/02\/interior-kitchen-sanitary-room-living-area.jpg\" alt=\"Warex - Modulov\u00e9 stavby\" data-id=\"297\" data-link=\"https:\/\/warex.cz\/de\/referenz\/modulgebaude\/modulgebaude-sozialer-wohnungsbau-in-schweden\/attachment\/interior-kitchen-sanitary-room-living-area-2\/\" class=\"wp-image-297\" srcset=\"https:\/\/warex.cz\/app\/uploads\/2020\/02\/interior-kitchen-sanitary-room-living-area.jpg 960w, https:\/\/warex.cz\/app\/uploads\/2020\/02\/interior-kitchen-sanitary-room-living-area-300x225.jpg 300w, https:\/\/warex.cz\/app\/uploads\/2020\/02\/interior-kitchen-sanitary-room-living-area-768x576.jpg 768w\" sizes=\"auto, (max-width: 960px) 100vw, 960px\" \/><\/figure><\/li><li class=\"blocks-gallery-item\"><figure><img loading=\"lazy\" decoding=\"async\" width=\"720\" height=\"960\" src=\"https:\/\/warex.cz\/app\/uploads\/2020\/05\/Unimobunka-1.jpg\" alt=\"\" data-id=\"2891\" data-full-url=\"https:\/\/warex.cz\/app\/uploads\/2020\/05\/Unimobunka-1.jpg\" data-link=\"https:\/\/warex.cz\/de\/referenz\/modulgebaude\/modulgebaude-sozialer-wohnungsbau-in-schweden\/attachment\/unimobunka-1\/\" class=\"wp-image-2891\" srcset=\"https:\/\/warex.cz\/app\/uploads\/2020\/05\/Unimobunka-1.jpg 720w, https:\/\/warex.cz\/app\/uploads\/2020\/05\/Unimobunka-1-225x300.jpg 225w\" sizes=\"auto, (max-width: 720px) 100vw, 720px\" \/><\/figure><\/li><li class=\"blocks-gallery-item\"><figure><img loading=\"lazy\" decoding=\"async\" width=\"720\" height=\"960\" src=\"https:\/\/warex.cz\/app\/uploads\/2020\/02\/zavesna-toaleta-na-SDK-predstene.jpg\" alt=\"Warex - Modulov\u00e9 stavby\" data-id=\"294\" data-link=\"https:\/\/warex.cz\/de\/referenz\/modulgebaude\/modulgebaude-sozialer-wohnungsbau-in-schweden\/attachment\/zavesna-toaleta-na-sdk-predstene-2\/\" class=\"wp-image-294\" srcset=\"https:\/\/warex.cz\/app\/uploads\/2020\/02\/zavesna-toaleta-na-SDK-predstene.jpg 720w, https:\/\/warex.cz\/app\/uploads\/2020\/02\/zavesna-toaleta-na-SDK-predstene-225x300.jpg 225w\" sizes=\"auto, (max-width: 720px) 100vw, 720px\" \/><\/figure><\/li><li class=\"blocks-gallery-item\"><figure><img loading=\"lazy\" decoding=\"async\" width=\"720\" height=\"960\" src=\"https:\/\/warex.cz\/app\/uploads\/2020\/05\/Unimobunka3-1.jpg\" alt=\"\" data-id=\"2897\" data-full-url=\"https:\/\/warex.cz\/app\/uploads\/2020\/05\/Unimobunka3-1.jpg\" data-link=\"https:\/\/warex.cz\/de\/referenz\/modulgebaude\/modulgebaude-sozialer-wohnungsbau-in-schweden\/attachment\/unimobunka3-1\/\" class=\"wp-image-2897\" srcset=\"https:\/\/warex.cz\/app\/uploads\/2020\/05\/Unimobunka3-1.jpg 720w, https:\/\/warex.cz\/app\/uploads\/2020\/05\/Unimobunka3-1-225x300.jpg 225w\" sizes=\"auto, (max-width: 720px) 100vw, 720px\" \/><\/figure><\/li><li class=\"blocks-gallery-item\"><figure><img loading=\"lazy\" decoding=\"async\" width=\"720\" height=\"960\" src=\"https:\/\/warex.cz\/app\/uploads\/2020\/02\/20180411_151853_resized_2.jpg\" alt=\"Warex - Modulov\u00e9 stavby\" data-id=\"291\" data-link=\"https:\/\/warex.cz\/de\/referenz\/modulgebaude\/modulgebaude-sozialer-wohnungsbau-in-schweden\/attachment\/20180411_151853_resized_2-2\/\" class=\"wp-image-291\" srcset=\"https:\/\/warex.cz\/app\/uploads\/2020\/02\/20180411_151853_resized_2.jpg 720w, https:\/\/warex.cz\/app\/uploads\/2020\/02\/20180411_151853_resized_2-225x300.jpg 225w\" sizes=\"auto, (max-width: 720px) 100vw, 720px\" \/><\/figure><\/li><li class=\"blocks-gallery-item\"><figure><img loading=\"lazy\" decoding=\"async\" width=\"960\" height=\"720\" src=\"https:\/\/warex.cz\/app\/uploads\/2020\/02\/20180411_151718_resized_2.jpg\" alt=\"Warex - Modulov\u00e9 stavby\" data-id=\"288\" data-link=\"https:\/\/warex.cz\/de\/referenz\/modulgebaude\/modulgebaude-sozialer-wohnungsbau-in-schweden\/attachment\/20180411_151718_resized_2-2\/\" class=\"wp-image-288\" srcset=\"https:\/\/warex.cz\/app\/uploads\/2020\/02\/20180411_151718_resized_2.jpg 960w, https:\/\/warex.cz\/app\/uploads\/2020\/02\/20180411_151718_resized_2-300x225.jpg 300w, https:\/\/warex.cz\/app\/uploads\/2020\/02\/20180411_151718_resized_2-768x576.jpg 768w\" sizes=\"auto, (max-width: 960px) 100vw, 960px\" \/><\/figure><\/li><li class=\"blocks-gallery-item\"><figure><img loading=\"lazy\" decoding=\"async\" width=\"577\" height=\"432\" src=\"https:\/\/warex.cz\/app\/uploads\/2020\/02\/Malmo-accomodation-unit-cembrite-fasade-comp.to-non-fasade.jpg\" alt=\"Warex - Modulov\u00e9 stavby\" data-id=\"285\" data-link=\"https:\/\/warex.cz\/de\/referenz\/modulgebaude\/modulgebaude-sozialer-wohnungsbau-in-schweden\/attachment\/malmo-accomodation-unit-cembrite-fasade-comp-to-non-fasade-2\/\" class=\"wp-image-285\" srcset=\"https:\/\/warex.cz\/app\/uploads\/2020\/02\/Malmo-accomodation-unit-cembrite-fasade-comp.to-non-fasade.jpg 577w, https:\/\/warex.cz\/app\/uploads\/2020\/02\/Malmo-accomodation-unit-cembrite-fasade-comp.to-non-fasade-300x225.jpg 300w\" sizes=\"auto, (max-width: 577px) 100vw, 577px\" \/><\/figure><\/li><li class=\"blocks-gallery-item\"><figure><img loading=\"lazy\" decoding=\"async\" width=\"960\" height=\"720\" src=\"https:\/\/warex.cz\/app\/uploads\/2020\/02\/Malmo-accomodation-unit-cembrite-fasade-compare-withouth-fasade-module-res.jpg\" alt=\"Warex - Modulov\u00e9 stavby\" data-id=\"276\" data-link=\"https:\/\/warex.cz\/de\/referenz\/modulgebaude\/modulgebaude-sozialer-wohnungsbau-in-schweden\/attachment\/malmo-accomodation-unit-cembrite-fasade-compare-withouth-fasade-module-res-2\/\" class=\"wp-image-276\" srcset=\"https:\/\/warex.cz\/app\/uploads\/2020\/02\/Malmo-accomodation-unit-cembrite-fasade-compare-withouth-fasade-module-res.jpg 960w, https:\/\/warex.cz\/app\/uploads\/2020\/02\/Malmo-accomodation-unit-cembrite-fasade-compare-withouth-fasade-module-res-300x225.jpg 300w, https:\/\/warex.cz\/app\/uploads\/2020\/02\/Malmo-accomodation-unit-cembrite-fasade-compare-withouth-fasade-module-res-768x576.jpg 768w\" sizes=\"auto, (max-width: 960px) 100vw, 960px\" \/><\/figure><\/li><\/ul><\/figure>\n","protected":false},"excerpt":{"rendered":"<p>Sozialer Wohnungsbau f\u00fcr Schweden. Modularer Aufbau aus zwei modularen Containern.<\/p>\n","protected":false},"featured_media":2894,"template":"","reference_category":[27],"class_list":["post-1327","reference","type-reference","status-publish","has-post-thumbnail","hentry","reference_category-modulgebaude"],"acf":[],"yoast_head":"<!-- This site is optimized with the Yoast SEO plugin v26.9 - https:\/\/yoast.com\/product\/yoast-seo-wordpress\/ -->\n<title>Warex - Modulgeb\u00e4ude - Sozialer Wohnungsbau<\/title>\n<meta name=\"description\" content=\"Sozialer Wohnungsbau in Schweden in Malm\u00f6. Modularer Aufbau aus zwei modularen Containern.\" \/>\n<meta name=\"robots\" content=\"index, follow, max-snippet:-1, max-image-preview:large, max-video-preview:-1\" \/>\n<link rel=\"canonical\" href=\"https:\/\/warex.cz\/de\/referenz\/modulgebaude-sozialer-wohnungsbau-in-schweden\/\" \/>\n<meta property=\"og:locale\" content=\"de_DE\" \/>\n<meta property=\"og:type\" content=\"article\" \/>\n<meta property=\"og:title\" content=\"Warex - Modulgeb\u00e4ude - Sozialer Wohnungsbau\" \/>\n<meta property=\"og:description\" content=\"Sozialer Wohnungsbau in Schweden in Malm\u00f6. Modularer Aufbau aus zwei modularen Containern.\" \/>\n<meta property=\"og:url\" content=\"https:\/\/warex.cz\/de\/referenz\/modulgebaude-sozialer-wohnungsbau-in-schweden\/\" \/>\n<meta property=\"og:site_name\" content=\"Warex\" \/>\n<meta property=\"article:publisher\" content=\"https:\/\/www.facebook.com\/WarexCzech\/notifications\/\" \/>\n<meta property=\"article:modified_time\" content=\"2021-11-19T08:48:21+00:00\" \/>\n<meta property=\"og:image\" content=\"https:\/\/warex.cz\/app\/uploads\/2020\/05\/Unimobunka2-1.jpg\" \/>\n\t<meta property=\"og:image:width\" content=\"960\" \/>\n\t<meta property=\"og:image:height\" content=\"720\" \/>\n\t<meta property=\"og:image:type\" content=\"image\/jpeg\" \/>\n<meta name=\"twitter:card\" content=\"summary_large_image\" \/>\n<meta name=\"twitter:label1\" content=\"Gesch\u00e4tzte Lesezeit\" \/>\n\t<meta name=\"twitter:data1\" content=\"3\u00a0Minuten\" \/>\n<script type=\"application\/ld+json\" class=\"yoast-schema-graph\">{\"@context\":\"https:\/\/schema.org\",\"@graph\":[{\"@type\":\"WebPage\",\"@id\":\"https:\/\/warex.cz\/de\/referenz\/modulgebaude-sozialer-wohnungsbau-in-schweden\/\",\"url\":\"https:\/\/warex.cz\/de\/referenz\/modulgebaude-sozialer-wohnungsbau-in-schweden\/\",\"name\":\"Warex - Modulgeb\u00e4ude - Sozialer Wohnungsbau\",\"isPartOf\":{\"@id\":\"https:\/\/warex.cz\/de\/#website\"},\"primaryImageOfPage\":{\"@id\":\"https:\/\/warex.cz\/de\/referenz\/modulgebaude-sozialer-wohnungsbau-in-schweden\/#primaryimage\"},\"image\":{\"@id\":\"https:\/\/warex.cz\/de\/referenz\/modulgebaude-sozialer-wohnungsbau-in-schweden\/#primaryimage\"},\"thumbnailUrl\":\"https:\/\/warex.cz\/app\/uploads\/2020\/05\/Unimobunka2-1.jpg\",\"datePublished\":\"2020-04-27T14:46:00+00:00\",\"dateModified\":\"2021-11-19T08:48:21+00:00\",\"description\":\"Sozialer Wohnungsbau in Schweden in Malm\u00f6. Modularer Aufbau aus zwei modularen Containern.\",\"breadcrumb\":{\"@id\":\"https:\/\/warex.cz\/de\/referenz\/modulgebaude-sozialer-wohnungsbau-in-schweden\/#breadcrumb\"},\"inLanguage\":\"de\",\"potentialAction\":[{\"@type\":\"ReadAction\",\"target\":[\"https:\/\/warex.cz\/de\/referenz\/modulgebaude-sozialer-wohnungsbau-in-schweden\/\"]}]},{\"@type\":\"ImageObject\",\"inLanguage\":\"de\",\"@id\":\"https:\/\/warex.cz\/de\/referenz\/modulgebaude-sozialer-wohnungsbau-in-schweden\/#primaryimage\",\"url\":\"https:\/\/warex.cz\/app\/uploads\/2020\/05\/Unimobunka2-1.jpg\",\"contentUrl\":\"https:\/\/warex.cz\/app\/uploads\/2020\/05\/Unimobunka2-1.jpg\",\"width\":960,\"height\":720,\"caption\":\"Warex - Modulare Zelle\"},{\"@type\":\"BreadcrumbList\",\"@id\":\"https:\/\/warex.cz\/de\/referenz\/modulgebaude-sozialer-wohnungsbau-in-schweden\/#breadcrumb\",\"itemListElement\":[{\"@type\":\"ListItem\",\"position\":1,\"name\":\"Home\",\"item\":\"https:\/\/warex.cz\/de\/\"},{\"@type\":\"ListItem\",\"position\":2,\"name\":\"References\",\"item\":\"https:\/\/warex.cz\/de\/referenz\/\"},{\"@type\":\"ListItem\",\"position\":3,\"name\":\"Modulgeb\u00e4ude &#8211; Sozialer Wohnungsbau\"}]},{\"@type\":\"WebSite\",\"@id\":\"https:\/\/warex.cz\/de\/#website\",\"url\":\"https:\/\/warex.cz\/de\/\",\"name\":\"Warex\",\"description\":\"Web spole\u010dnosti Warex\",\"potentialAction\":[{\"@type\":\"SearchAction\",\"target\":{\"@type\":\"EntryPoint\",\"urlTemplate\":\"https:\/\/warex.cz\/de\/?s={search_term_string}\"},\"query-input\":{\"@type\":\"PropertyValueSpecification\",\"valueRequired\":true,\"valueName\":\"search_term_string\"}}],\"inLanguage\":\"de\"}]}<\/script>\n<!-- \/ Yoast SEO plugin. -->","yoast_head_json":{"title":"Warex - Modulgeb\u00e4ude - Sozialer Wohnungsbau","description":"Sozialer Wohnungsbau in Schweden in Malm\u00f6. Modularer Aufbau aus zwei modularen Containern.","robots":{"index":"index","follow":"follow","max-snippet":"max-snippet:-1","max-image-preview":"max-image-preview:large","max-video-preview":"max-video-preview:-1"},"canonical":"https:\/\/warex.cz\/de\/referenz\/modulgebaude-sozialer-wohnungsbau-in-schweden\/","og_locale":"de_DE","og_type":"article","og_title":"Warex - Modulgeb\u00e4ude - Sozialer Wohnungsbau","og_description":"Sozialer Wohnungsbau in Schweden in Malm\u00f6. Modularer Aufbau aus zwei modularen Containern.","og_url":"https:\/\/warex.cz\/de\/referenz\/modulgebaude-sozialer-wohnungsbau-in-schweden\/","og_site_name":"Warex","article_publisher":"https:\/\/www.facebook.com\/WarexCzech\/notifications\/","article_modified_time":"2021-11-19T08:48:21+00:00","og_image":[{"width":960,"height":720,"url":"https:\/\/warex.cz\/app\/uploads\/2020\/05\/Unimobunka2-1.jpg","type":"image\/jpeg"}],"twitter_card":"summary_large_image","twitter_misc":{"Gesch\u00e4tzte Lesezeit":"3\u00a0Minuten"},"schema":{"@context":"https:\/\/schema.org","@graph":[{"@type":"WebPage","@id":"https:\/\/warex.cz\/de\/referenz\/modulgebaude-sozialer-wohnungsbau-in-schweden\/","url":"https:\/\/warex.cz\/de\/referenz\/modulgebaude-sozialer-wohnungsbau-in-schweden\/","name":"Warex - Modulgeb\u00e4ude - Sozialer Wohnungsbau","isPartOf":{"@id":"https:\/\/warex.cz\/de\/#website"},"primaryImageOfPage":{"@id":"https:\/\/warex.cz\/de\/referenz\/modulgebaude-sozialer-wohnungsbau-in-schweden\/#primaryimage"},"image":{"@id":"https:\/\/warex.cz\/de\/referenz\/modulgebaude-sozialer-wohnungsbau-in-schweden\/#primaryimage"},"thumbnailUrl":"https:\/\/warex.cz\/app\/uploads\/2020\/05\/Unimobunka2-1.jpg","datePublished":"2020-04-27T14:46:00+00:00","dateModified":"2021-11-19T08:48:21+00:00","description":"Sozialer Wohnungsbau in Schweden in Malm\u00f6. Modularer Aufbau aus zwei modularen Containern.","breadcrumb":{"@id":"https:\/\/warex.cz\/de\/referenz\/modulgebaude-sozialer-wohnungsbau-in-schweden\/#breadcrumb"},"inLanguage":"de","potentialAction":[{"@type":"ReadAction","target":["https:\/\/warex.cz\/de\/referenz\/modulgebaude-sozialer-wohnungsbau-in-schweden\/"]}]},{"@type":"ImageObject","inLanguage":"de","@id":"https:\/\/warex.cz\/de\/referenz\/modulgebaude-sozialer-wohnungsbau-in-schweden\/#primaryimage","url":"https:\/\/warex.cz\/app\/uploads\/2020\/05\/Unimobunka2-1.jpg","contentUrl":"https:\/\/warex.cz\/app\/uploads\/2020\/05\/Unimobunka2-1.jpg","width":960,"height":720,"caption":"Warex - Modulare Zelle"},{"@type":"BreadcrumbList","@id":"https:\/\/warex.cz\/de\/referenz\/modulgebaude-sozialer-wohnungsbau-in-schweden\/#breadcrumb","itemListElement":[{"@type":"ListItem","position":1,"name":"Home","item":"https:\/\/warex.cz\/de\/"},{"@type":"ListItem","position":2,"name":"References","item":"https:\/\/warex.cz\/de\/referenz\/"},{"@type":"ListItem","position":3,"name":"Modulgeb\u00e4ude &#8211; Sozialer Wohnungsbau"}]},{"@type":"WebSite","@id":"https:\/\/warex.cz\/de\/#website","url":"https:\/\/warex.cz\/de\/","name":"Warex","description":"Web spole\u010dnosti Warex","potentialAction":[{"@type":"SearchAction","target":{"@type":"EntryPoint","urlTemplate":"https:\/\/warex.cz\/de\/?s={search_term_string}"},"query-input":{"@type":"PropertyValueSpecification","valueRequired":true,"valueName":"search_term_string"}}],"inLanguage":"de"}]}},"_links":{"self":[{"href":"https:\/\/warex.cz\/de\/wp-json\/wp\/v2\/reference\/1327","targetHints":{"allow":["GET"]}}],"collection":[{"href":"https:\/\/warex.cz\/de\/wp-json\/wp\/v2\/reference"}],"about":[{"href":"https:\/\/warex.cz\/de\/wp-json\/wp\/v2\/types\/reference"}],"wp:featuredmedia":[{"embeddable":true,"href":"https:\/\/warex.cz\/de\/wp-json\/wp\/v2\/media\/2894"}],"wp:attachment":[{"href":"https:\/\/warex.cz\/de\/wp-json\/wp\/v2\/media?parent=1327"}],"wp:term":[{"taxonomy":"reference_category","embeddable":true,"href":"https:\/\/warex.cz\/de\/wp-json\/wp\/v2\/reference_category?post=1327"}],"curies":[{"name":"wp","href":"https:\/\/api.w.org\/{rel}","templated":true}]}}